{"id":255,"date":"2021-12-09T01:11:52","date_gmt":"2021-12-09T00:11:52","guid":{"rendered":"https:\/\/www.zskovarska.troxstore.cz\/?page_id=255"},"modified":"2026-04-10T16:25:57","modified_gmt":"2026-04-10T14:25:57","slug":"skolska-rada","status":"publish","type":"page","link":"https:\/\/www.zskovarska.cz\/?page_id=255","title":{"rendered":"\u0160kolsk\u00e1 rada"},"content":{"rendered":"<p>[et_pb_section fb_built=&#8220;1&#8243; fullwidth=&#8220;on&#8220; _builder_version=&#8220;4.14.2&#8243; _module_preset=&#8220;default&#8220; positioning=&#8220;none&#8220; global_module=&#8220;269&#8243; saved_tabs=&#8220;all&#8220; global_colors_info=&#8220;{}&#8220;][et_pb_fullwidth_image src=&#8220;https:\/\/www.zskovarska.cz\/wp-content\/uploads\/2025\/04\/hlavicka_zskovar-9-3.jpg&#8220; title_text=&#8220;hlavicka_zskovar (9)&#8220; _builder_version=&#8220;4.27.4&#8243; _module_preset=&#8220;default&#8220; positioning=&#8220;none&#8220; max_width=&#8220;100%&#8220; module_alignment=&#8220;center&#8220; global_colors_info=&#8220;{}&#8220;][\/et_pb_fullwidth_image][et_pb_fullwidth_menu menu_style=&#8220;centered&#8220; fullwidth_menu=&#8220;on&#8220; active_link_color=&#8220;#328916&#8243; dropdown_menu_bg_color=&#8220;#bc9c1c&#8220; dropdown_menu_line_color=&#8220;#418e18&#8243; _builder_version=&#8220;4.16&#8243; _module_preset=&#8220;default&#8220; menu_font=&#8220;ABeeZee|700||on|||||&#8220; menu_text_color=&#8220;#000000&#8243; menu_font_size=&#8220;16px&#8220; background_enable_color=&#8220;off&#8220; use_background_color_gradient=&#8220;on&#8220; background_color_gradient_stops=&#8220;#dae02c 0%|#bc9c1c 100%&#8220; background_color_gradient_start=&#8220;#dae02c&#8220; background_color_gradient_end=&#8220;#bc9c1c&#8220; global_colors_info=&#8220;{}&#8220;][\/et_pb_fullwidth_menu][\/et_pb_section][et_pb_section fb_built=&#8220;1&#8243; _builder_version=&#8220;4.16&#8243; _module_preset=&#8220;default&#8220; top_divider_style=&#8220;slant2&#8243; top_divider_color=&#8220;#bc9c1c&#8220; top_divider_height=&#8220;59px&#8220; global_colors_info=&#8220;{}&#8220;][et_pb_row _builder_version=&#8220;4.27.4&#8243; _module_preset=&#8220;default&#8220; custom_padding=&#8220;110px|||||&#8220; global_colors_info=&#8220;{}&#8220;][et_pb_column type=&#8220;4_4&#8243; _builder_version=&#8220;4.27.4&#8243; _module_preset=&#8220;default&#8220; global_colors_info=&#8220;{}&#8220;][et_pb_text _builder_version=&#8220;4.27.5&#8243; _module_preset=&#8220;default&#8220; hover_enabled=&#8220;0&#8243; global_colors_info=&#8220;{}&#8220; sticky_enabled=&#8220;0&#8243;]<\/p>\n<h2 style=\"text-align: center;\"><strong>\u0160kolsk\u00e1 rada<\/strong><\/h2>\n<p>[\/et_pb_text][et_pb_text _builder_version=&#8220;4.27.5&#8243; _module_preset=&#8220;default&#8220; hover_enabled=&#8220;0&#8243; global_colors_info=&#8220;{}&#8220; sticky_enabled=&#8220;0&#8243;]<\/p>\n<p><strong>\u00a0\u00a0\u00a0\u00a0\u00a0 <\/strong><strong>\u0160kolsk\u00e1 rada \u2013 pro volebn\u00ed obdob\u00ed duben 2026 \u2013 duben 2029<\/strong><\/p>\n<p><strong>\u00a0\u00a0\u00a0\u00a0\u00a0\u00a0\u00a0\u00a0\u00a0\u00a0\u00a0\u00a0\u00a0\u00a0\u00a0\u00a0\u00a0 \u00a0\u00a0\u00a0\u00a0\u00a0\u00a0\u00a0\u00a0\u00a0\u00a0\u00a0\u00a0\u00a0\u00a0\u00a0\u00a0\u00a0\u00a0\u00a0\u00a0\u00a0\u00a0\u00a0\u00a0Slo\u017een\u00ed<\/strong><\/p>\n<p><strong>\u00a0<\/strong><\/p>\n<p><strong>P\u0159edseda:<\/strong><strong>\u00a0\u00a0\u00a0\u00a0\u00a0\u00a0\u00a0\u00a0\u00a0\u00a0\u00a0\u00a0\u00a0\u00a0\u00a0\u00a0\u00a0\u00a0\u00a0\u00a0\u00a0\u00a0\u00a0\u00a0\u00a0\u00a0\u00a0 <\/strong><\/p>\n<p>Michal Sk\u00e1la\u00a0 (zvolen za z\u00e1konn\u00e9 z\u00e1stupce)<\/p>\n<p>Kontakt: <a href=\"mailto:skala.kovarska@gmail.com\">skala.kovarska@gmail.com<\/a><\/p>\n<p>&nbsp;<\/p>\n<p><strong>\u010clenov\u00e9 :\u00a0\u00a0\u00a0\u00a0\u00a0\u00a0\u00a0\u00a0\u00a0\u00a0\u00a0\u00a0\u00a0\u00a0\u00a0\u00a0\u00a0\u00a0\u00a0\u00a0\u00a0\u00a0\u00a0\u00a0\u00a0 <\/strong><\/p>\n<p>V\u011bra Dudov\u00e1 (zvolena za z\u00e1konn\u00e9 z\u00e1stupce)<\/p>\n<p>Kontakt:<a href=\"mailto:veradudova80@seznam.cz\"> veradudova80@seznam.cz<\/a><\/p>\n<p>&nbsp;<\/p>\n<p>Marcela \u010caneck\u00e1 (zvolena za pedagogick\u00fd sbor)<\/p>\n<p>Kontakt: <a href=\"mailto:gillichova.m@gmail.com\">gillichova.m@gmail.com<\/a><\/p>\n<p>&nbsp;<\/p>\n<p>Mgr. Pavl\u00edna Kubi\u010dkov\u00e1 (zvolena za pedagogick\u00fd sbor)<\/p>\n<p>Kontakt: <a href=\"mailto:pavlikubickova@email.cz\">pavlikubickova@email.cz<\/a><\/p>\n<p>&nbsp;<\/p>\n<p>Veronika Markov\u00e1 Vojt\u011bchov\u00e1 (jmenov\u00e1na z\u0159izovatelem)<\/p>\n<p>Kontakt: <a href=\"mailto:vojtechovaveronika@seznam.cz\">vojtechovaveronika@seznam.cz<\/a><\/p>\n<p>&nbsp;<\/p>\n<p>Anton\u00edn Meder (jmenov\u00e1n z\u0159izovatelem)<\/p>\n<p>Kontakt: <a href=\"mailto:medera@seznam.cz\">medera@seznam.cz<\/a><\/p>\n<p>[\/et_pb_text][\/et_pb_column][\/et_pb_row][\/et_pb_section]<\/p>\n","protected":false},"excerpt":{"rendered":"<p>\u0160kolsk\u00e1 rada\u00a0\u00a0\u00a0\u00a0\u00a0 \u0160kolsk\u00e1 rada \u2013 pro volebn\u00ed obdob\u00ed duben 2026 \u2013 duben 2029 \u00a0\u00a0\u00a0\u00a0\u00a0\u00a0\u00a0\u00a0\u00a0\u00a0\u00a0\u00a0\u00a0\u00a0\u00a0\u00a0\u00a0 \u00a0\u00a0\u00a0\u00a0\u00a0\u00a0\u00a0\u00a0\u00a0\u00a0\u00a0\u00a0\u00a0\u00a0\u00a0\u00a0\u00a0\u00a0\u00a0\u00a0\u00a0\u00a0\u00a0\u00a0Slo\u017een\u00ed \u00a0 P\u0159edseda:\u00a0\u00a0\u00a0\u00a0\u00a0\u00a0\u00a0\u00a0\u00a0\u00a0\u00a0\u00a0\u00a0\u00a0\u00a0\u00a0\u00a0\u00a0\u00a0\u00a0\u00a0\u00a0\u00a0\u00a0\u00a0\u00a0\u00a0 Michal Sk\u00e1la\u00a0 (zvolen za z\u00e1konn\u00e9 z\u00e1stupce) Kontakt: skala.kovarska@gmail.com &nbsp; \u010clenov\u00e9 :\u00a0\u00a0\u00a0\u00a0\u00a0\u00a0\u00a0\u00a0\u00a0\u00a0\u00a0\u00a0\u00a0\u00a0\u00a0\u00a0\u00a0\u00a0\u00a0\u00a0\u00a0\u00a0\u00a0\u00a0\u00a0 V\u011bra Dudov\u00e1 (zvolena za z\u00e1konn\u00e9 z\u00e1stupce) Kontakt: veradudova80@seznam.cz &nbsp; Marcela \u010caneck\u00e1 (zvolena za pedagogick\u00fd sbor) Kontakt: gillichova.m@gmail.com &nbsp; Mgr. Pavl\u00edna Kubi\u010dkov\u00e1 (zvolena za pedagogick\u00fd sbor) Kontakt: pavlikubickova@email.cz [&hellip;]<\/p>\n","protected":false},"author":1,"featured_media":0,"parent":0,"menu_order":0,"comment_status":"closed","ping_status":"closed","template":"page-template-blank.php","meta":{"_et_pb_use_builder":"on","_et_pb_old_content":"","_et_gb_content_width":"","footnotes":""},"class_list":["post-255","page","type-page","status-publish","hentry"],"yoast_head":"<!-- This site is optimized with the Yoast SEO plugin v27.5 - https:\/\/yoast.com\/product\/yoast-seo-wordpress\/ -->\n<title>\u0160kolsk\u00e1 rada - Z\u0160 a M\u0160 Kov\u00e1\u0159sk\u00e1<\/title>\n<meta name=\"robots\" content=\"index, follow, max-snippet:-1, max-image-preview:large, max-video-preview:-1\" \/>\n<link rel=\"canonical\" href=\"https:\/\/www.zskovarska.cz\/?page_id=255\" \/>\n<meta property=\"og:locale\" content=\"cs_CZ\" \/>\n<meta property=\"og:type\" content=\"article\" \/>\n<meta property=\"og:title\" content=\"\u0160kolsk\u00e1 rada - Z\u0160 a M\u0160 Kov\u00e1\u0159sk\u00e1\" \/>\n<meta property=\"og:description\" content=\"\u0160kolsk\u00e1 rada\u00a0\u00a0\u00a0\u00a0\u00a0 \u0160kolsk\u00e1 rada \u2013 pro volebn\u00ed obdob\u00ed duben 2026 \u2013 duben 2029 \u00a0\u00a0\u00a0\u00a0\u00a0\u00a0\u00a0\u00a0\u00a0\u00a0\u00a0\u00a0\u00a0\u00a0\u00a0\u00a0\u00a0 \u00a0\u00a0\u00a0\u00a0\u00a0\u00a0\u00a0\u00a0\u00a0\u00a0\u00a0\u00a0\u00a0\u00a0\u00a0\u00a0\u00a0\u00a0\u00a0\u00a0\u00a0\u00a0\u00a0\u00a0Slo\u017een\u00ed \u00a0 P\u0159edseda:\u00a0\u00a0\u00a0\u00a0\u00a0\u00a0\u00a0\u00a0\u00a0\u00a0\u00a0\u00a0\u00a0\u00a0\u00a0\u00a0\u00a0\u00a0\u00a0\u00a0\u00a0\u00a0\u00a0\u00a0\u00a0\u00a0\u00a0 Michal Sk\u00e1la\u00a0 (zvolen za z\u00e1konn\u00e9 z\u00e1stupce) Kontakt: skala.kovarska@gmail.com &nbsp; \u010clenov\u00e9 :\u00a0\u00a0\u00a0\u00a0\u00a0\u00a0\u00a0\u00a0\u00a0\u00a0\u00a0\u00a0\u00a0\u00a0\u00a0\u00a0\u00a0\u00a0\u00a0\u00a0\u00a0\u00a0\u00a0\u00a0\u00a0 V\u011bra Dudov\u00e1 (zvolena za z\u00e1konn\u00e9 z\u00e1stupce) Kontakt: veradudova80@seznam.cz &nbsp; Marcela \u010caneck\u00e1 (zvolena za pedagogick\u00fd sbor) Kontakt: gillichova.m@gmail.com &nbsp; Mgr. Pavl\u00edna Kubi\u010dkov\u00e1 (zvolena za pedagogick\u00fd sbor) Kontakt: pavlikubickova@email.cz [&hellip;]\" \/>\n<meta property=\"og:url\" content=\"https:\/\/www.zskovarska.cz\/?page_id=255\" \/>\n<meta property=\"og:site_name\" content=\"Z\u0160 a M\u0160 Kov\u00e1\u0159sk\u00e1\" \/>\n<meta property=\"article:modified_time\" content=\"2026-04-10T14:25:57+00:00\" \/>\n<meta name=\"twitter:card\" content=\"summary_large_image\" \/>\n<meta name=\"twitter:label1\" content=\"Odhadovan\u00e1 doba \u010dten\u00ed\" \/>\n\t<meta name=\"twitter:data1\" content=\"2 minuty\" \/>\n<script type=\"application\/ld+json\" class=\"yoast-schema-graph\">{\"@context\":\"https:\\\/\\\/schema.org\",\"@graph\":[{\"@type\":\"WebPage\",\"@id\":\"https:\\\/\\\/www.zskovarska.cz\\\/?page_id=255\",\"url\":\"https:\\\/\\\/www.zskovarska.cz\\\/?page_id=255\",\"name\":\"\u0160kolsk\u00e1 rada - Z\u0160 a M\u0160 Kov\u00e1\u0159sk\u00e1\",\"isPartOf\":{\"@id\":\"https:\\\/\\\/www.zskovarska.cz\\\/#website\"},\"datePublished\":\"2021-12-09T00:11:52+00:00\",\"dateModified\":\"2026-04-10T14:25:57+00:00\",\"breadcrumb\":{\"@id\":\"https:\\\/\\\/www.zskovarska.cz\\\/?page_id=255#breadcrumb\"},\"inLanguage\":\"cs\",\"potentialAction\":[{\"@type\":\"ReadAction\",\"target\":[\"https:\\\/\\\/www.zskovarska.cz\\\/?page_id=255\"]}]},{\"@type\":\"BreadcrumbList\",\"@id\":\"https:\\\/\\\/www.zskovarska.cz\\\/?page_id=255#breadcrumb\",\"itemListElement\":[{\"@type\":\"ListItem\",\"position\":1,\"name\":\"Dom\u016f\",\"item\":\"https:\\\/\\\/www.zskovarska.cz\\\/\"},{\"@type\":\"ListItem\",\"position\":2,\"name\":\"\u0160kolsk\u00e1 rada\"}]},{\"@type\":\"WebSite\",\"@id\":\"https:\\\/\\\/www.zskovarska.cz\\\/#website\",\"url\":\"https:\\\/\\\/www.zskovarska.cz\\\/\",\"name\":\"Z\u0160 a M\u0160 Kov\u00e1\u0159sk\u00e1\",\"description\":\"\",\"potentialAction\":[{\"@type\":\"SearchAction\",\"target\":{\"@type\":\"EntryPoint\",\"urlTemplate\":\"https:\\\/\\\/www.zskovarska.cz\\\/?s={search_term_string}\"},\"query-input\":{\"@type\":\"PropertyValueSpecification\",\"valueRequired\":true,\"valueName\":\"search_term_string\"}}],\"inLanguage\":\"cs\"}]}<\/script>\n<!-- \/ Yoast SEO plugin. -->","yoast_head_json":{"title":"\u0160kolsk\u00e1 rada - Z\u0160 a M\u0160 Kov\u00e1\u0159sk\u00e1","robots":{"index":"index","follow":"follow","max-snippet":"max-snippet:-1","max-image-preview":"max-image-preview:large","max-video-preview":"max-video-preview:-1"},"canonical":"https:\/\/www.zskovarska.cz\/?page_id=255","og_locale":"cs_CZ","og_type":"article","og_title":"\u0160kolsk\u00e1 rada - Z\u0160 a M\u0160 Kov\u00e1\u0159sk\u00e1","og_description":"\u0160kolsk\u00e1 rada\u00a0\u00a0\u00a0\u00a0\u00a0 \u0160kolsk\u00e1 rada \u2013 pro volebn\u00ed obdob\u00ed duben 2026 \u2013 duben 2029 \u00a0\u00a0\u00a0\u00a0\u00a0\u00a0\u00a0\u00a0\u00a0\u00a0\u00a0\u00a0\u00a0\u00a0\u00a0\u00a0\u00a0 \u00a0\u00a0\u00a0\u00a0\u00a0\u00a0\u00a0\u00a0\u00a0\u00a0\u00a0\u00a0\u00a0\u00a0\u00a0\u00a0\u00a0\u00a0\u00a0\u00a0\u00a0\u00a0\u00a0\u00a0Slo\u017een\u00ed \u00a0 P\u0159edseda:\u00a0\u00a0\u00a0\u00a0\u00a0\u00a0\u00a0\u00a0\u00a0\u00a0\u00a0\u00a0\u00a0\u00a0\u00a0\u00a0\u00a0\u00a0\u00a0\u00a0\u00a0\u00a0\u00a0\u00a0\u00a0\u00a0\u00a0 Michal Sk\u00e1la\u00a0 (zvolen za z\u00e1konn\u00e9 z\u00e1stupce) Kontakt: skala.kovarska@gmail.com &nbsp; \u010clenov\u00e9 :\u00a0\u00a0\u00a0\u00a0\u00a0\u00a0\u00a0\u00a0\u00a0\u00a0\u00a0\u00a0\u00a0\u00a0\u00a0\u00a0\u00a0\u00a0\u00a0\u00a0\u00a0\u00a0\u00a0\u00a0\u00a0 V\u011bra Dudov\u00e1 (zvolena za z\u00e1konn\u00e9 z\u00e1stupce) Kontakt: veradudova80@seznam.cz &nbsp; Marcela \u010caneck\u00e1 (zvolena za pedagogick\u00fd sbor) Kontakt: gillichova.m@gmail.com &nbsp; Mgr. Pavl\u00edna Kubi\u010dkov\u00e1 (zvolena za pedagogick\u00fd sbor) Kontakt: pavlikubickova@email.cz [&hellip;]","og_url":"https:\/\/www.zskovarska.cz\/?page_id=255","og_site_name":"Z\u0160 a M\u0160 Kov\u00e1\u0159sk\u00e1","article_modified_time":"2026-04-10T14:25:57+00:00","twitter_card":"summary_large_image","twitter_misc":{"Odhadovan\u00e1 doba \u010dten\u00ed":"2 minuty"},"schema":{"@context":"https:\/\/schema.org","@graph":[{"@type":"WebPage","@id":"https:\/\/www.zskovarska.cz\/?page_id=255","url":"https:\/\/www.zskovarska.cz\/?page_id=255","name":"\u0160kolsk\u00e1 rada - Z\u0160 a M\u0160 Kov\u00e1\u0159sk\u00e1","isPartOf":{"@id":"https:\/\/www.zskovarska.cz\/#website"},"datePublished":"2021-12-09T00:11:52+00:00","dateModified":"2026-04-10T14:25:57+00:00","breadcrumb":{"@id":"https:\/\/www.zskovarska.cz\/?page_id=255#breadcrumb"},"inLanguage":"cs","potentialAction":[{"@type":"ReadAction","target":["https:\/\/www.zskovarska.cz\/?page_id=255"]}]},{"@type":"BreadcrumbList","@id":"https:\/\/www.zskovarska.cz\/?page_id=255#breadcrumb","itemListElement":[{"@type":"ListItem","position":1,"name":"Dom\u016f","item":"https:\/\/www.zskovarska.cz\/"},{"@type":"ListItem","position":2,"name":"\u0160kolsk\u00e1 rada"}]},{"@type":"WebSite","@id":"https:\/\/www.zskovarska.cz\/#website","url":"https:\/\/www.zskovarska.cz\/","name":"Z\u0160 a M\u0160 Kov\u00e1\u0159sk\u00e1","description":"","potentialAction":[{"@type":"SearchAction","target":{"@type":"EntryPoint","urlTemplate":"https:\/\/www.zskovarska.cz\/?s={search_term_string}"},"query-input":{"@type":"PropertyValueSpecification","valueRequired":true,"valueName":"search_term_string"}}],"inLanguage":"cs"}]}},"_links":{"self":[{"href":"https:\/\/www.zskovarska.cz\/index.php?rest_route=\/wp\/v2\/pages\/255","targetHints":{"allow":["GET"]}}],"collection":[{"href":"https:\/\/www.zskovarska.cz\/index.php?rest_route=\/wp\/v2\/pages"}],"about":[{"href":"https:\/\/www.zskovarska.cz\/index.php?rest_route=\/wp\/v2\/types\/page"}],"author":[{"embeddable":true,"href":"https:\/\/www.zskovarska.cz\/index.php?rest_route=\/wp\/v2\/users\/1"}],"replies":[{"embeddable":true,"href":"https:\/\/www.zskovarska.cz\/index.php?rest_route=%2Fwp%2Fv2%2Fcomments&post=255"}],"version-history":[{"count":8,"href":"https:\/\/www.zskovarska.cz\/index.php?rest_route=\/wp\/v2\/pages\/255\/revisions"}],"predecessor-version":[{"id":8855,"href":"https:\/\/www.zskovarska.cz\/index.php?rest_route=\/wp\/v2\/pages\/255\/revisions\/8855"}],"wp:attachment":[{"href":"https:\/\/www.zskovarska.cz\/index.php?rest_route=%2Fwp%2Fv2%2Fmedia&parent=255"}],"curies":[{"name":"wp","href":"https:\/\/api.w.org\/{rel}","templated":true}]}}